{"id":13,"date":"2026-04-27T08:57:31","date_gmt":"2026-04-27T08:57:31","guid":{"rendered":"https:\/\/gestiondeportivareguera.com\/?page_id=13"},"modified":"2026-04-27T09:54:45","modified_gmt":"2026-04-27T09:54:45","slug":"aviso-legal","status":"publish","type":"page","link":"https:\/\/gestiondeportivareguera.com\/?page_id=13","title":{"rendered":"Aviso Legal"},"content":{"rendered":"\t\t<div data-elementor-type=\"wp-page\" data-elementor-id=\"13\" class=\"elementor elementor-13\" data-elementor-post-type=\"page\">\n\t\t\t\t<div class=\"elementor-element elementor-element-71fc257 e-flex e-con-boxed e-con e-parent\" data-id=\"71fc257\" data-element_type=\"container\" data-e-type=\"container\" data-settings=\"{&quot;background_background&quot;:&quot;classic&quot;}\">\n\t\t\t\t\t<div class=\"e-con-inner\">\n\t\t<div class=\"elementor-element elementor-element-06cfa0f e-flex e-con-boxed e-con e-child\" data-id=\"06cfa0f\" data-element_type=\"container\" data-e-type=\"container\" data-settings=\"{&quot;background_background&quot;:&quot;classic&quot;}\">\n\t\t\t\t\t<div class=\"e-con-inner\">\n\t\t\t\t<div class=\"elementor-element elementor-element-48b3489 elementor-widget elementor-widget-heading\" data-id=\"48b3489\" data-element_type=\"widget\" data-e-type=\"widget\" data-widget_type=\"heading.default\">\n\t\t\t\t\t<h1 class=\"elementor-heading-title elementor-size-default\">Aviso Legal<\/h1>\t\t\t\t<\/div>\n\t\t\t\t<div class=\"elementor-element elementor-element-7027359 elementor-widget elementor-widget-text-editor\" data-id=\"7027359\" data-element_type=\"widget\" data-e-type=\"widget\" data-widget_type=\"text-editor.default\">\n\t\t\t\t\t\t\t\t\t<h2 data-section-id=\"1mnwbxh\" data-start=\"139\" data-end=\"179\"><span role=\"text\"><strong data-start=\"142\" data-end=\"179\">1. Datos del titular de la p\u00e1gina<\/strong><\/span><\/h2><p data-start=\"181\" data-end=\"546\">De conformidad con lo establecido en la <strong data-start=\"221\" data-end=\"325\">Ley 34\/2002, de 11 de julio, de Servicios de la Sociedad de la Informaci\u00f3n y de Comercio Electr\u00f3nico<\/strong>, se informa que <strong data-start=\"342\" data-end=\"371\">V\u00edctor Manuel Reguera Cal<\/strong>, con NIF <strong data-start=\"381\" data-end=\"394\">35302779X<\/strong>, es el responsable del sitio web correspondiente al dominio asociado a su actividad profesional bajo el nombre comercial <strong data-start=\"516\" data-end=\"545\">V\u00edctor Manuel Reguera Cal<\/strong>.<\/p><p data-start=\"548\" data-end=\"627\">La direcci\u00f3n de correo electr\u00f3nico de contacto es:<br data-start=\"598\" data-end=\"601\" \/><strong data-start=\"601\" data-end=\"627\"><a class=\"decorated-link cursor-pointer\" rel=\"noopener\" data-start=\"603\" data-end=\"625\">vmregueracal@gmail.com<\/a><\/strong><\/p><p data-start=\"629\" data-end=\"670\">El domicilio profesional se encuentra en:<\/p><p data-start=\"672\" data-end=\"724\">Paredes, 100<br data-start=\"684\" data-end=\"687\" \/>Vilaboa<br data-start=\"694\" data-end=\"697\" \/>36141 Pontevedra<br data-start=\"713\" data-end=\"716\" \/>Espa\u00f1a<\/p><p data-start=\"726\" data-end=\"763\">Tel\u00e9fono de contacto:<br data-start=\"747\" data-end=\"750\" \/><strong data-start=\"750\" data-end=\"763\">629420543<\/strong><\/p><hr data-start=\"765\" data-end=\"768\" \/><h2 data-section-id=\"c1b01n\" data-start=\"770\" data-end=\"814\"><span role=\"text\"><strong data-start=\"773\" data-end=\"814\">2. Propiedad intelectual e industrial<\/strong><\/span><\/h2><p data-start=\"816\" data-end=\"1062\">El c\u00f3digo fuente, los dise\u00f1os gr\u00e1ficos, im\u00e1genes, fotograf\u00edas, sonidos, animaciones, software, textos y los contenidos presentes en esta p\u00e1gina web est\u00e1n protegidos por la legislaci\u00f3n espa\u00f1ola sobre derechos de propiedad intelectual e industrial.<\/p><p data-start=\"1064\" data-end=\"1304\">Son propiedad exclusiva de <strong data-start=\"1091\" data-end=\"1120\">V\u00edctor Manuel Reguera Cal<\/strong>, quedando prohibida su utilizaci\u00f3n con fines comerciales, as\u00ed como su reproducci\u00f3n, distribuci\u00f3n, modificaci\u00f3n o cualquier otro uso sin autorizaci\u00f3n expresa y por escrito del titular.<\/p><p data-start=\"1306\" data-end=\"1460\">El usuario \u00fanicamente podr\u00e1 utilizar el contenido para su uso personal y privado, quedando expresamente prohibido su uso con fines comerciales o il\u00edcitos.<\/p><p data-start=\"1462\" data-end=\"1599\">El titular velar\u00e1 por el cumplimiento de estas condiciones, pudiendo ejercer las acciones legales correspondientes en caso de infracci\u00f3n.<\/p><hr data-start=\"1601\" data-end=\"1604\" \/><h2 data-section-id=\"19535uc\" data-start=\"1606\" data-end=\"1656\"><span role=\"text\"><strong data-start=\"1609\" data-end=\"1656\">3. Protecci\u00f3n de datos de car\u00e1cter personal<\/strong><\/span><\/h2><p data-start=\"1658\" data-end=\"1978\">En cumplimiento del <strong data-start=\"1678\" data-end=\"1757\">Reglamento (UE) 2016\/679 (Reglamento General de Protecci\u00f3n de Datos \u2013 RGPD)<\/strong> y de la <strong data-start=\"1766\" data-end=\"1880\">Ley Org\u00e1nica 3\/2018, de 5 de diciembre, de Protecci\u00f3n de Datos Personales y garant\u00eda de los derechos digitales<\/strong>, se informa que determinados apartados de esta web pueden solicitar datos personales del usuario.<\/p><p data-start=\"1980\" data-end=\"2089\">Estos datos ser\u00e1n incorporados a un fichero titularidad de <strong data-start=\"2039\" data-end=\"2068\">V\u00edctor Manuel Reguera Cal<\/strong> con la finalidad de:<\/p><ul data-start=\"2091\" data-end=\"2273\"><li data-section-id=\"8qkxgm\" data-start=\"2091\" data-end=\"2137\">Gestionar las relaciones con los usuarios.<\/li><li data-section-id=\"iktstd\" data-start=\"2138\" data-end=\"2173\">Realizar estudios estad\u00edsticos.<\/li><li data-section-id=\"1prbab8\" data-start=\"2174\" data-end=\"2239\">Enviar informaci\u00f3n comercial (previo consentimiento expreso).<\/li><li data-section-id=\"b0cr87\" data-start=\"2240\" data-end=\"2273\">Mejorar el servicio prestado.<\/li><\/ul><p data-start=\"2275\" data-end=\"2449\">El usuario es responsable de la veracidad de los datos proporcionados y se entender\u00e1 que presta su consentimiento al tratamiento de los mismos para las finalidades indicadas.<\/p><p data-start=\"2451\" data-end=\"2552\">Los datos no ser\u00e1n cedidos a terceros salvo obligaci\u00f3n legal o consentimiento expreso del interesado.<\/p><p data-start=\"2554\" data-end=\"2726\">Los usuarios podr\u00e1n ejercer en cualquier momento los derechos de <strong data-start=\"2619\" data-end=\"2709\">acceso, rectificaci\u00f3n, supresi\u00f3n, oposici\u00f3n, limitaci\u00f3n del tratamiento y portabilidad<\/strong>, dirigi\u00e9ndose a:<\/p><p data-start=\"2728\" data-end=\"2812\"><strong data-start=\"2728\" data-end=\"2757\">V\u00edctor Manuel Reguera Cal<\/strong><br data-start=\"2757\" data-end=\"2760\" \/>Paredes, 100<br data-start=\"2772\" data-end=\"2775\" \/>Vilaboa<br data-start=\"2782\" data-end=\"2785\" \/>36141 Pontevedra<br data-start=\"2801\" data-end=\"2804\" \/>Espa\u00f1a<\/p><p data-start=\"2814\" data-end=\"2965\">Correo electr\u00f3nico:<br data-start=\"2833\" data-end=\"2836\" \/><strong data-start=\"2836\" data-end=\"2862\"><a class=\"decorated-link cursor-pointer\" rel=\"noopener\" data-start=\"2838\" data-end=\"2860\">vmregueracal@gmail.com<\/a><\/strong><br data-start=\"2862\" data-end=\"2865\" \/><em data-start=\"2865\" data-end=\"2965\">(Se requiere firma digital para acreditar la identidad en caso de utilizar el correo electr\u00f3nico).<\/em><\/p><hr data-start=\"2967\" data-end=\"2970\" \/><h2 data-section-id=\"19gd7ur\" data-start=\"2972\" data-end=\"3014\"><span role=\"text\"><strong data-start=\"2975\" data-end=\"3014\">4. Medidas t\u00e9cnicas y organizativas<\/strong><\/span><\/h2><p data-start=\"3016\" data-end=\"3260\"><strong data-start=\"3016\" data-end=\"3045\">V\u00edctor Manuel Reguera Cal<\/strong> ha adoptado las medidas t\u00e9cnicas y organizativas necesarias para garantizar la seguridad de los datos personales y evitar su alteraci\u00f3n, p\u00e9rdida, tratamiento o acceso no autorizado, conforme a la normativa vigente.<\/p><hr data-start=\"3262\" data-end=\"3265\" \/><h2 data-section-id=\"jlu60m\" data-start=\"3267\" data-end=\"3304\"><span role=\"text\"><strong data-start=\"3270\" data-end=\"3304\">5. Exenci\u00f3n de responsabilidad<\/strong><\/span><\/h2><p data-start=\"3306\" data-end=\"3521\">El titular no se responsabiliza de los da\u00f1os o perjuicios que pudieran derivarse del uso de los contenidos de la web, ni de errores u omisiones en los mismos, reserv\u00e1ndose el derecho a modificarlos sin previo aviso.<\/p><p data-start=\"3523\" data-end=\"3659\">Tampoco se responsabiliza de interrupciones o errores en el acceso al sitio web por causas ajenas, ni del contenido de enlaces externos.<\/p><hr data-start=\"3661\" data-end=\"3664\" \/><h2 data-section-id=\"1evyh8m\" data-start=\"3666\" data-end=\"3715\"><span role=\"text\"><strong data-start=\"3669\" data-end=\"3715\">6. Publicidad y comunicaciones comerciales<\/strong><\/span><\/h2><p data-start=\"3717\" data-end=\"3901\"><strong data-start=\"3717\" data-end=\"3746\">V\u00edctor Manuel Reguera Cal<\/strong> se compromete a no realizar publicidad enga\u00f1osa ni enviar comunicaciones comerciales sin identificarlas como tales, en cumplimiento de la <strong data-start=\"3885\" data-end=\"3900\">Ley 34\/2002<\/strong>.<\/p><p data-start=\"3903\" data-end=\"4060\">Toda informaci\u00f3n enviada a clientes con relaci\u00f3n contractual previa no se considerar\u00e1 comunicaci\u00f3n comercial siempre que est\u00e9 relacionada con dicha relaci\u00f3n.<\/p><hr data-start=\"4062\" data-end=\"4065\" \/><h2 data-section-id=\"2t2jte\" data-start=\"4067\" data-end=\"4123\"><span role=\"text\"><strong data-start=\"4070\" data-end=\"4123\">7. Legislaci\u00f3n aplicable y tribunales competentes<\/strong><\/span><\/h2><p data-start=\"4125\" data-end=\"4167\">La legislaci\u00f3n aplicable ser\u00e1 la espa\u00f1ola.<\/p><p data-start=\"4169\" data-end=\"4322\">Cualquier controversia se someter\u00e1 a los juzgados y tribunales competentes de <strong data-start=\"4247\" data-end=\"4261\">Pontevedra<\/strong>, salvo que la normativa prevea otra jurisdicci\u00f3n imperativa.<\/p><hr data-start=\"4324\" data-end=\"4327\" \/><h2 data-section-id=\"g5bok\" data-start=\"4329\" data-end=\"4346\"><span role=\"text\"><strong data-start=\"4332\" data-end=\"4346\">8. Cookies<\/strong><\/span><\/h2><p data-start=\"4348\" data-end=\"4437\">El sitio web utiliza cookies para facilitar la navegaci\u00f3n y realizar estad\u00edsticas de uso.<\/p><p data-start=\"4439\" data-end=\"4486\">Estas no recogen datos personales directamente.<\/p><p data-start=\"4488\" data-end=\"4579\">Se podr\u00e1 consultar informaci\u00f3n m\u00e1s detallada en la correspondiente <strong data-start=\"4555\" data-end=\"4578\">Pol\u00edtica de Cookies<\/strong>.<\/p><hr data-start=\"4581\" data-end=\"4584\" \/><h2 data-section-id=\"1qckd7c\" data-start=\"4586\" data-end=\"4616\"><span role=\"text\"><strong data-start=\"4589\" data-end=\"4616\">9. Derechos del usuario<\/strong><\/span><\/h2><p data-start=\"4618\" data-end=\"4855\">Los usuarios pueden ejercer sus derechos de <strong data-start=\"4662\" data-end=\"4736\">acceso, rectificaci\u00f3n, supresi\u00f3n, oposici\u00f3n, limitaci\u00f3n y portabilidad<\/strong> de sus datos personales, dirigi\u00e9ndose por escrito al domicilio indicado o por correo electr\u00f3nico firmado digitalmente.<\/p><p data-start=\"4857\" data-end=\"4919\">Tambi\u00e9n podr\u00e1n revocar su consentimiento en cualquier momento.<\/p>\t\t\t\t\t\t\t\t<\/div>\n\t\t\t\t\t<\/div>\n\t\t\t\t<\/div>\n\t\t<div class=\"elementor-element elementor-element-fd0d7d9 e-con-full e-flex e-con e-child\" data-id=\"fd0d7d9\" data-element_type=\"container\" data-e-type=\"container\">\n\t\t\t\t<\/div>\n\t\t\t\t\t<\/div>\n\t\t\t\t<\/div>\n\t\t\t\t<\/div>\n\t\t","protected":false},"excerpt":{"rendered":"<p>Aviso Legal 1. Datos del titular de la p\u00e1gina De conformidad con lo establecido en la Ley 34\/2002, de 11 de julio, de Servicios de la Sociedad de la Informaci\u00f3n y de Comercio Electr\u00f3nico, se informa que V\u00edctor Manuel Reguera Cal, con NIF 35302779X, es el responsable del sitio web correspondiente al dominio asociado a [&hellip;]<\/p>\n","protected":false},"author":1,"featured_media":0,"parent":0,"menu_order":0,"comment_status":"closed","ping_status":"closed","template":"","meta":{"footnotes":""},"class_list":["post-13","page","type-page","status-publish","hentry"],"_links":{"self":[{"href":"https:\/\/gestiondeportivareguera.com\/index.php?rest_route=\/wp\/v2\/pages\/13","targetHints":{"allow":["GET"]}}],"collection":[{"href":"https:\/\/gestiondeportivareguera.com\/index.php?rest_route=\/wp\/v2\/pages"}],"about":[{"href":"https:\/\/gestiondeportivareguera.com\/index.php?rest_route=\/wp\/v2\/types\/page"}],"author":[{"embeddable":true,"href":"https:\/\/gestiondeportivareguera.com\/index.php?rest_route=\/wp\/v2\/users\/1"}],"replies":[{"embeddable":true,"href":"https:\/\/gestiondeportivareguera.com\/index.php?rest_route=%2Fwp%2Fv2%2Fcomments&post=13"}],"version-history":[{"count":10,"href":"https:\/\/gestiondeportivareguera.com\/index.php?rest_route=\/wp\/v2\/pages\/13\/revisions"}],"predecessor-version":[{"id":43,"href":"https:\/\/gestiondeportivareguera.com\/index.php?rest_route=\/wp\/v2\/pages\/13\/revisions\/43"}],"wp:attachment":[{"href":"https:\/\/gestiondeportivareguera.com\/index.php?rest_route=%2Fwp%2Fv2%2Fmedia&parent=13"}],"curies":[{"name":"wp","href":"https:\/\/api.w.org\/{rel}","templated":true}]}}